{"id":1959,"date":"2017-12-05T14:17:15","date_gmt":"2017-12-05T13:17:15","guid":{"rendered":"http:\/\/fasada.eu\/?page_id=1959"},"modified":"2021-08-27T14:34:58","modified_gmt":"2021-08-27T12:34:58","slug":"holzfenster","status":"publish","type":"page","link":"https:\/\/fasada.eu\/de\/produkte\/fenster\/holzfenster\/","title":{"rendered":"Holzfenster"},"content":{"rendered":"<div class='big_image_wrapper ' style='background-image: url(http:\/\/fasada.eu\/wp-content\/uploads\/2017\/10\/top_okna-drewniane_350.jpg);'><div><div class='title'>Fenster mit Charakter<\/div><div class='content'>\n<p>Holz ist ohne Zweifel eines der elegantesten und nat\u00fcrlichen Baustoffe, die zur Herstellung von T\u00fcr- und Fensterelementen eingesetzt werden. Dieser Stoff eignet sich ideal f\u00fcr die Ausstattung von modernen sowie klassischen Konstruktionen.<\/p>\n<p>Eine f\u00fcr die Augen angenehme Fl\u00e4che schafft ein nat\u00fcrliches Ambiente, W\u00e4rme und erg\u00e4nzt jeden Innenraum.<\/p>\n<\/div><\/div><\/div>\n<div class=\"content_wrapper_shortcode animate_div type2\"><div>\n<div class=\"p50_shortcode \" style=\"max-width:100%;\"><div><div>\n<h2>Premium Klasse<\/h2>\n<p>Holz-Alu-Fenster sind das A und O der Eleganz und Funktionalit\u00e4t. Mit Aluaufs\u00e4tzen wird die Optik der Fenster und T\u00fcren an der Au\u00dfenseite des Geb\u00e4udes moderner, wobei die nat\u00fcrliche \u00c4sthetik des Innenraums unver\u00e4ndert bleibt. Aluaufs\u00e4tze sch\u00fctzen die Fenster vor den Auswirkungen der ung\u00fcnstigen Witterungsverh\u00e4ltnissen vollkommen.<\/p>\n<\/div><\/div><div><div>\n<h2>Innovation<\/h2>\n<p>Der Einsatz von innovativen L\u00f6sungen, wie optionale geschwei\u00dfte Ecken oder Falzwechsel-Technologie zeichnen unsere Holz-Alu-Produkte im Vergleich mit unseren Mitbewerbern aus. Einheitliche Aufsatzfl\u00e4che sowie proportional gr\u00f6\u00dfere Verglasungsfl\u00e4che im Fenster sind an die neuesten Architekturtrends ideal angepasst.<\/p>\n<\/div><\/div><\/div>\n<\/div><\/div>\n<div class=\"content_wrapper_shortcode animate_div \"><div>\n<h2 class=\"big\" style=\"text-align: center;\">HOLZ-ALU-SYSTEME<\/h2>\n<div class='include_system '><div class='single_system'><div class='img'><img width=\"380\" height=\"380\" src=\"https:\/\/fasada.eu\/wp-content\/uploads\/2017\/10\/alu_drew_84_in_ok_419-380x380.jpg\" class=\"attachment-project_ico size-project_ico wp-post-image\" alt=\"\" decoding=\"async\" srcset=\"https:\/\/fasada.eu\/wp-content\/uploads\/2017\/10\/alu_drew_84_in_ok_419-380x380.jpg 380w, https:\/\/fasada.eu\/wp-content\/uploads\/2017\/10\/alu_drew_84_in_ok_419-150x150.jpg 150w, https:\/\/fasada.eu\/wp-content\/uploads\/2017\/10\/alu_drew_84_in_ok_419-300x300.jpg 300w, https:\/\/fasada.eu\/wp-content\/uploads\/2017\/10\/alu_drew_84_in_ok_419-768x768.jpg 768w, https:\/\/fasada.eu\/wp-content\/uploads\/2017\/10\/alu_drew_84_in_ok_419-1024x1024.jpg 1024w, https:\/\/fasada.eu\/wp-content\/uploads\/2017\/10\/alu_drew_84_in_ok_419-600x600.jpg 600w, https:\/\/fasada.eu\/wp-content\/uploads\/2017\/10\/alu_drew_84_in_ok_419-280x280.jpg 280w, https:\/\/fasada.eu\/wp-content\/uploads\/2017\/10\/alu_drew_84_in_ok_419-120x120.jpg 120w, https:\/\/fasada.eu\/wp-content\/uploads\/2017\/10\/alu_drew_84_in_ok_419-320x320.jpg 320w, https:\/\/fasada.eu\/wp-content\/uploads\/2017\/10\/alu_drew_84_in_ok_419-425x425.jpg 425w, https:\/\/fasada.eu\/wp-content\/uploads\/2017\/10\/alu_drew_84_in_ok_419-235x235.jpg 235w, https:\/\/fasada.eu\/wp-content\/uploads\/2017\/10\/alu_drew_84_in_ok_419.jpg 1280w\" sizes=\"(max-width: 380px) 100vw, 380px\" \/><\/div><div class='description'><div class='title'><span>IV 84 IN (STANDARD)<\/span><\/div><div class='excerpt'><div class=\"system_ico_wrapper\"><div><img src=\"https:\/\/fasada.eu\/wp-content\/uploads\/2017\/10\/ico1_470.png\"><\/div><div>W\u00e4rmedurchgangskoeffizient f\u00fcr Fenster: <br><b>Uw 0,79 W\/m2K<\/b><\/div><\/div><div class=\"system_ico_wrapper\"><div><img src=\"https:\/\/fasada.eu\/wp-content\/uploads\/2017\/10\/ico2_348.png\"><\/div><div>W\u00e4rmedurchgangskoeffizient f\u00fcr Fensterrahmen:  <br><b>Uf 1,1 W\/m2K<\/b><\/div><\/div><div class=\"system_ico_wrapper\"><div><img src=\"https:\/\/fasada.eu\/wp-content\/uploads\/2017\/10\/ico3_570.png\"><\/div><div>Schalld\u00e4mmung: <br><b>46(-1;-4) dB<\/b><\/div><\/div><div class=\"system_ico_wrapper\"><div><img src=\"https:\/\/fasada.eu\/wp-content\/uploads\/2017\/10\/ico4_640.png\"><\/div><div>Sicherheit: <br><b>Verst\u00e4rkte Armaturen und Fenster<\/b><\/div><\/div><\/div><a href='https:\/\/fasada.eu\/de\/product\/iv-84-in-standard\/'><\/a><\/div><\/div><div class='single_system'><div class='img'><img width=\"380\" height=\"380\" src=\"https:\/\/fasada.eu\/wp-content\/uploads\/2017\/10\/alu_drew_96contur_ok_493-380x380.jpg\" class=\"attachment-project_ico size-project_ico wp-post-image\" alt=\"\" decoding=\"async\" srcset=\"https:\/\/fasada.eu\/wp-content\/uploads\/2017\/10\/alu_drew_96contur_ok_493-380x380.jpg 380w, https:\/\/fasada.eu\/wp-content\/uploads\/2017\/10\/alu_drew_96contur_ok_493-150x150.jpg 150w, https:\/\/fasada.eu\/wp-content\/uploads\/2017\/10\/alu_drew_96contur_ok_493-300x300.jpg 300w, https:\/\/fasada.eu\/wp-content\/uploads\/2017\/10\/alu_drew_96contur_ok_493-768x768.jpg 768w, https:\/\/fasada.eu\/wp-content\/uploads\/2017\/10\/alu_drew_96contur_ok_493-1024x1024.jpg 1024w, https:\/\/fasada.eu\/wp-content\/uploads\/2017\/10\/alu_drew_96contur_ok_493-600x600.jpg 600w, https:\/\/fasada.eu\/wp-content\/uploads\/2017\/10\/alu_drew_96contur_ok_493-280x280.jpg 280w, https:\/\/fasada.eu\/wp-content\/uploads\/2017\/10\/alu_drew_96contur_ok_493-120x120.jpg 120w, https:\/\/fasada.eu\/wp-content\/uploads\/2017\/10\/alu_drew_96contur_ok_493-320x320.jpg 320w, https:\/\/fasada.eu\/wp-content\/uploads\/2017\/10\/alu_drew_96contur_ok_493-425x425.jpg 425w, https:\/\/fasada.eu\/wp-content\/uploads\/2017\/10\/alu_drew_96contur_ok_493-235x235.jpg 235w, https:\/\/fasada.eu\/wp-content\/uploads\/2017\/10\/alu_drew_96contur_ok_493.jpg 1280w\" sizes=\"(max-width: 380px) 100vw, 380px\" \/><\/div><div class='description'><div class='title'><span>IV 96 AL (CONTOUR)<\/span><\/div><div class='excerpt'><div class=\"system_ico_wrapper\"><div><img src=\"https:\/\/fasada.eu\/wp-content\/uploads\/2017\/10\/ico1_470.png\"><\/div><div>W\u00e4rmedurchgangskoeffizient f\u00fcr Fenster: <br><b>Uw 0,75 W\/m2K<\/b><\/div><\/div><div class=\"system_ico_wrapper\"><div><img src=\"https:\/\/fasada.eu\/wp-content\/uploads\/2017\/10\/ico2_348.png\"><\/div><div>W\u00e4rmedurchgangskoeffizient f\u00fcr Fensterrahmen:  <br><b>Uf 1,0 W\/m2K<\/b><\/div><\/div><div class=\"system_ico_wrapper\"><div><img src=\"https:\/\/fasada.eu\/wp-content\/uploads\/2017\/10\/ico3_570.png\"><\/div><div>Schalld\u00e4mmung:<br><b>45(-1;-3) dB<\/b><\/div><\/div><div class=\"system_ico_wrapper\"><div><img src=\"https:\/\/fasada.eu\/wp-content\/uploads\/2017\/10\/ico4_640.png\"><\/div><div>Sicherheit :  <br><b>Verst\u00e4rkte Armaturen und Fenster<\/b><\/div><\/div><\/div><a href='https:\/\/fasada.eu\/de\/product\/iv-96-al-contour\/'><\/a><\/div><\/div><div class='single_system'><div class='img'><img width=\"380\" height=\"380\" src=\"https:\/\/fasada.eu\/wp-content\/uploads\/2017\/10\/alu_drew_84standard_ok_482-380x380.jpg\" class=\"attachment-project_ico size-project_ico wp-post-image\" alt=\"\" decoding=\"async\" srcset=\"https:\/\/fasada.eu\/wp-content\/uploads\/2017\/10\/alu_drew_84standard_ok_482-380x380.jpg 380w, https:\/\/fasada.eu\/wp-content\/uploads\/2017\/10\/alu_drew_84standard_ok_482-150x150.jpg 150w, https:\/\/fasada.eu\/wp-content\/uploads\/2017\/10\/alu_drew_84standard_ok_482-300x300.jpg 300w, https:\/\/fasada.eu\/wp-content\/uploads\/2017\/10\/alu_drew_84standard_ok_482-768x768.jpg 768w, https:\/\/fasada.eu\/wp-content\/uploads\/2017\/10\/alu_drew_84standard_ok_482-1024x1024.jpg 1024w, https:\/\/fasada.eu\/wp-content\/uploads\/2017\/10\/alu_drew_84standard_ok_482-600x600.jpg 600w, https:\/\/fasada.eu\/wp-content\/uploads\/2017\/10\/alu_drew_84standard_ok_482-280x280.jpg 280w, https:\/\/fasada.eu\/wp-content\/uploads\/2017\/10\/alu_drew_84standard_ok_482-120x120.jpg 120w, https:\/\/fasada.eu\/wp-content\/uploads\/2017\/10\/alu_drew_84standard_ok_482-320x320.jpg 320w, https:\/\/fasada.eu\/wp-content\/uploads\/2017\/10\/alu_drew_84standard_ok_482-425x425.jpg 425w, https:\/\/fasada.eu\/wp-content\/uploads\/2017\/10\/alu_drew_84standard_ok_482-235x235.jpg 235w, https:\/\/fasada.eu\/wp-content\/uploads\/2017\/10\/alu_drew_84standard_ok_482.jpg 1280w\" sizes=\"(max-width: 380px) 100vw, 380px\" \/><\/div><div class='description'><div class='title'><span>IV 84 AL (STANDARD)<\/span><\/div><div class='excerpt'><div class=\"system_ico_wrapper\"><div><img src=\"https:\/\/fasada.eu\/wp-content\/uploads\/2017\/10\/ico1_470.png\"><\/div><div>W\u00e4rmedurchgangskoeffizient f\u00fcr Fenster: <br><b>Uw 0,79 W\/m2K<\/b><\/div><\/div><div class=\"system_ico_wrapper\"><div><img src=\"https:\/\/fasada.eu\/wp-content\/uploads\/2017\/10\/ico2_348.png\"><\/div><div>W\u00e4rmedurchgangskoeffizient f\u00fcr Fensterrahmen:  <br><b>Uf 1,1 W\/m2K<\/b><\/div><\/div><div class=\"system_ico_wrapper\"><div><img src=\"https:\/\/fasada.eu\/wp-content\/uploads\/2017\/10\/ico3_570.png\"><\/div><div>Schalld\u00e4mmung: <br><b>46(-1;-4) dB<\/b><\/div><\/div><div class=\"system_ico_wrapper\"><div><img src=\"https:\/\/fasada.eu\/wp-content\/uploads\/2017\/10\/ico4_640.png\"><\/div><div>Sicherheit:  <br><b>Verst\u00e4rkte Armaturen und Fenster<\/b><\/div><\/div><\/div><a href='https:\/\/fasada.eu\/de\/product\/iv-84-al-standard\/'><\/a><\/div><\/div><\/div>\n<div class='info_box_wrapper'><div><\/div><div>Parameter f\u00fcr Drehkippfenster mit Standard-Normabmessungen von 1230 x 1480 mm und Glas von Ug=0,5 W\/(m2*K). Die dargestellten Parameter sind in Bezug auf die Erreichung f\u00fcr das Standardfenster von Fasada bestm\u00f6glich. Nicht alle beste Parameter lassen sich im Rahmen des ausgew\u00e4hlten Produktes gleichzeitig erreichen. <\/div><\/div>\n<\/div><\/div>\n<div class=\"content_wrapper_shortcode animate_div type2\"><div>\n<div class=\"p50_shortcode \" style=\"max-width:100%;\"><div><div>\n<h2>\u00c4sthetik<\/h2>\n<p>Mit Gestaltung von Profil sowie Zusatzelementen aus einem Holzst\u00fcck kann eine einheitliche, unversehrte Struktur der Jahresringe beibehalten werden. Der Einsatz vom transparentem Lack auf beiden Seiten des Produktes erm\u00f6glicht die Erschaffung von Produkten, die im Einklang mit der Natur stehen.<\/p>\n<\/div><\/div><div><div>\n<h2>Personalisierung<\/h2>\n<p>Mit der EVO-Technologie lassen sich Fenster und T\u00fcren nicht nur an moderne oder zeitgem\u00e4\u00dfe Konstruktionen, sondern auch an denkmalgesch\u00fctze Geb\u00e4ude (konservatorisch gesichert) anpassen. Unsere Fertigungsm\u00f6glichkeiten erlauben uns die Anpassung des Projektes an Erwartungen der Kunden.<br \/>\n<\/div><\/div><\/div>\n<div class=\"p50_shortcode margin-top\" style=\"max-width:100%;\"><div><div>\n<h2>Mehr Licht<\/h2>\n<p>Mit der Falzwechsel-Technologie ist der Einsatz von zus\u00e4tzlichen Anpassungsprofilen im Blendrahmen nicht notwendig, und die Profilbreite kann schon 70 mm betragen. Das vergr\u00f6\u00dfert die Glasabmessung, und was damit zusammenh\u00e4ngt, sowie die Menge an Licht, das ins Geb\u00e4ude hineinf\u00e4llt.<\/p>\n<\/div><\/div><div><div>\n<h2>Best\u00e4ndigkeit<\/h2>\n<p>Die Fertigung des Profils mit Zusatzelementen, z. B: mit Wasserschenkeln, schlie\u00dft die Notwendigkeit der Verklebung dieser Elemente aus. Wasser dringt nicht zwischen Fl\u00fcgel und Wasserschenkel ein, wodurch das Risiko der Holzerosion eliminiert wird.<br \/>\n<\/div><\/div><\/div>\n<\/div><\/div>\n<div class=\"content_wrapper_shortcode animate_div \"><div>\n<h2 class=\"big\">HOLZSYSTEME<\/h2>\n<div class='include_system '><div class='single_system'><div class='img'><img width=\"380\" height=\"380\" src=\"https:\/\/fasada.eu\/wp-content\/uploads\/2017\/10\/drew_92_evo_ok2_352-380x380.jpg\" class=\"attachment-project_ico size-project_ico wp-post-image\" alt=\"\" decoding=\"async\" srcset=\"https:\/\/fasada.eu\/wp-content\/uploads\/2017\/10\/drew_92_evo_ok2_352-380x380.jpg 380w, https:\/\/fasada.eu\/wp-content\/uploads\/2017\/10\/drew_92_evo_ok2_352-150x150.jpg 150w, https:\/\/fasada.eu\/wp-content\/uploads\/2017\/10\/drew_92_evo_ok2_352-300x300.jpg 300w, https:\/\/fasada.eu\/wp-content\/uploads\/2017\/10\/drew_92_evo_ok2_352-768x768.jpg 768w, https:\/\/fasada.eu\/wp-content\/uploads\/2017\/10\/drew_92_evo_ok2_352-1024x1024.jpg 1024w, https:\/\/fasada.eu\/wp-content\/uploads\/2017\/10\/drew_92_evo_ok2_352-600x600.jpg 600w, https:\/\/fasada.eu\/wp-content\/uploads\/2017\/10\/drew_92_evo_ok2_352-280x280.jpg 280w, https:\/\/fasada.eu\/wp-content\/uploads\/2017\/10\/drew_92_evo_ok2_352-120x120.jpg 120w, https:\/\/fasada.eu\/wp-content\/uploads\/2017\/10\/drew_92_evo_ok2_352-320x320.jpg 320w, https:\/\/fasada.eu\/wp-content\/uploads\/2017\/10\/drew_92_evo_ok2_352-425x425.jpg 425w, https:\/\/fasada.eu\/wp-content\/uploads\/2017\/10\/drew_92_evo_ok2_352-235x235.jpg 235w, https:\/\/fasada.eu\/wp-content\/uploads\/2017\/10\/drew_92_evo_ok2_352.jpg 1280w\" sizes=\"(max-width: 380px) 100vw, 380px\" \/><\/div><div class='description'><div class='title'><span>IV 92 (MIT HARTSCHAUM)<\/span><\/div><div class='excerpt'><div class=\"system_ico_wrapper\"><div><img src=\"https:\/\/fasada.eu\/wp-content\/uploads\/2017\/10\/ico1_470.png\"><\/div><div>W\u00e4rmedurchgangskoeffizient f\u00fcr Fenster: <br> <b>Uw 0,73 W\/m2K<\/b><\/div><\/div><div class=\"system_ico_wrapper\"><div><img src=\"https:\/\/fasada.eu\/wp-content\/uploads\/2017\/10\/ico2_348.png\"><\/div><div>W\u00e4rmedurchgangskoeffizient f\u00fcr Fensterrahmen: <br><b>Uf 0,83 W\/m2K<\/b><\/div><\/div><div class=\"system_ico_wrapper\"><div><img src=\"https:\/\/fasada.eu\/wp-content\/uploads\/2017\/10\/ico3_570.png\"><\/div><div>Schalld\u00e4mmung: <br><b>38(-1;-5) dB<\/b><\/div><\/div><div class=\"system_ico_wrapper\"><div><img src=\"https:\/\/fasada.eu\/wp-content\/uploads\/2017\/10\/ico4_640.png\"><\/div><div>Sicherheit: <br><b>zu RC 2 (Zertifikat)<\/b><\/div><\/div><\/div><a href='https:\/\/fasada.eu\/de\/?post_type=wi-products&p=2042'><\/a><\/div><\/div><div class='single_system'><div class='img'><img width=\"380\" height=\"380\" src=\"https:\/\/fasada.eu\/wp-content\/uploads\/2017\/10\/drew_78_evo_ok2_860-380x380.jpg\" class=\"attachment-project_ico size-project_ico wp-post-image\" alt=\"\" decoding=\"async\" srcset=\"https:\/\/fasada.eu\/wp-content\/uploads\/2017\/10\/drew_78_evo_ok2_860-380x380.jpg 380w, https:\/\/fasada.eu\/wp-content\/uploads\/2017\/10\/drew_78_evo_ok2_860-150x150.jpg 150w, https:\/\/fasada.eu\/wp-content\/uploads\/2017\/10\/drew_78_evo_ok2_860-300x300.jpg 300w, https:\/\/fasada.eu\/wp-content\/uploads\/2017\/10\/drew_78_evo_ok2_860-768x768.jpg 768w, https:\/\/fasada.eu\/wp-content\/uploads\/2017\/10\/drew_78_evo_ok2_860-1024x1024.jpg 1024w, https:\/\/fasada.eu\/wp-content\/uploads\/2017\/10\/drew_78_evo_ok2_860-600x600.jpg 600w, https:\/\/fasada.eu\/wp-content\/uploads\/2017\/10\/drew_78_evo_ok2_860-280x280.jpg 280w, https:\/\/fasada.eu\/wp-content\/uploads\/2017\/10\/drew_78_evo_ok2_860-120x120.jpg 120w, https:\/\/fasada.eu\/wp-content\/uploads\/2017\/10\/drew_78_evo_ok2_860-320x320.jpg 320w, https:\/\/fasada.eu\/wp-content\/uploads\/2017\/10\/drew_78_evo_ok2_860-425x425.jpg 425w, https:\/\/fasada.eu\/wp-content\/uploads\/2017\/10\/drew_78_evo_ok2_860-235x235.jpg 235w, https:\/\/fasada.eu\/wp-content\/uploads\/2017\/10\/drew_78_evo_ok2_860.jpg 1280w\" sizes=\"(max-width: 380px) 100vw, 380px\" \/><\/div><div class='description'><div class='title'><span>IV 78 (STANDARD)<\/span><\/div><div class='excerpt'><div class=\"system_ico_wrapper\"><div><img src=\"https:\/\/fasada.eu\/wp-content\/uploads\/2017\/10\/ico1_470.png\"><\/div><div>W\u00e4rmedurchgangskoeffizient f\u00fcr Fenster:<br><b>Uw 0,88 W\/m2K<\/b><\/div><\/div><div class=\"system_ico_wrapper\"><div><img src=\"https:\/\/fasada.eu\/wp-content\/uploads\/2017\/10\/ico2_348.png\"><\/div><div>W\u00e4rmedurchgangskoeffizient f\u00fcr Fensterrahmen: <br><b>Uf 1,2 W\/m2K<\/b><\/div><\/div><div class=\"system_ico_wrapper\"><div><img src=\"https:\/\/fasada.eu\/wp-content\/uploads\/2017\/10\/ico3_570.png\"><\/div><div>Schalld\u00e4mmung: <br><b>38(-1;-5) dB<\/b><\/div><\/div><div class=\"system_ico_wrapper\"><div><img src=\"https:\/\/fasada.eu\/wp-content\/uploads\/2017\/10\/ico4_640.png\"><\/div><div>Sicherheit: <br><b>zu RC 2 (Zertifikat)<\/b><\/div><\/div><\/div><a href='https:\/\/fasada.eu\/de\/product\/iv-78-standard\/'><\/a><\/div><\/div><div class='single_system'><div class='img'><img width=\"380\" height=\"380\" src=\"https:\/\/fasada.eu\/wp-content\/uploads\/2017\/10\/drew_68_evo_ok2_336-380x380.jpg\" class=\"attachment-project_ico size-project_ico wp-post-image\" alt=\"\" decoding=\"async\" srcset=\"https:\/\/fasada.eu\/wp-content\/uploads\/2017\/10\/drew_68_evo_ok2_336-380x380.jpg 380w, https:\/\/fasada.eu\/wp-content\/uploads\/2017\/10\/drew_68_evo_ok2_336-150x150.jpg 150w, https:\/\/fasada.eu\/wp-content\/uploads\/2017\/10\/drew_68_evo_ok2_336-300x300.jpg 300w, https:\/\/fasada.eu\/wp-content\/uploads\/2017\/10\/drew_68_evo_ok2_336-768x768.jpg 768w, https:\/\/fasada.eu\/wp-content\/uploads\/2017\/10\/drew_68_evo_ok2_336-1024x1024.jpg 1024w, https:\/\/fasada.eu\/wp-content\/uploads\/2017\/10\/drew_68_evo_ok2_336-600x600.jpg 600w, https:\/\/fasada.eu\/wp-content\/uploads\/2017\/10\/drew_68_evo_ok2_336-280x280.jpg 280w, https:\/\/fasada.eu\/wp-content\/uploads\/2017\/10\/drew_68_evo_ok2_336-120x120.jpg 120w, https:\/\/fasada.eu\/wp-content\/uploads\/2017\/10\/drew_68_evo_ok2_336-320x320.jpg 320w, https:\/\/fasada.eu\/wp-content\/uploads\/2017\/10\/drew_68_evo_ok2_336-425x425.jpg 425w, https:\/\/fasada.eu\/wp-content\/uploads\/2017\/10\/drew_68_evo_ok2_336-235x235.jpg 235w, https:\/\/fasada.eu\/wp-content\/uploads\/2017\/10\/drew_68_evo_ok2_336.jpg 1280w\" sizes=\"(max-width: 380px) 100vw, 380px\" \/><\/div><div class='description'><div class='title'><span>IV 68 (STANDARD)<\/span><\/div><div class='excerpt'><div class=\"system_ico_wrapper\"><div><img src=\"https:\/\/fasada.eu\/wp-content\/uploads\/2017\/10\/ico1_470.png\"><\/div><div>W\u00e4rmedurchgangskoeffizient f\u00fcr Fenster: <br><b>Uw 1,1 W\/m2K<\/b><\/div><\/div><div class=\"system_ico_wrapper\"><div><img src=\"https:\/\/fasada.eu\/wp-content\/uploads\/2017\/10\/ico2_348.png\"><\/div><div>W\u00e4rmedurchgangskoeffizient f\u00fcr Fensterrahmen:  <br><b>Uf 1,3 W\/m2K<\/b><\/div><\/div><div class=\"system_ico_wrapper\"><div><img src=\"https:\/\/fasada.eu\/wp-content\/uploads\/2017\/10\/ico3_570.png\"><\/div><div>Schalld\u00e4mmung: <br><b>35(-1;-5) dB<\/b><\/div><\/div><div class=\"system_ico_wrapper\"><div><img src=\"https:\/\/fasada.eu\/wp-content\/uploads\/2017\/10\/ico4_640.png\"><\/div><div>Sicherheit:  <br><b>Verst\u00e4rkte Armaturen und Fenster<\/b><\/div><\/div><\/div><a href='https:\/\/fasada.eu\/de\/product\/iv-68-standard\/'><\/a><\/div><\/div><\/div>\n<div class='info_box_wrapper'><div><\/div><div>Parameter f\u00fcr Drehkippfenster mit Standard-Normabmessungen von 1230 x 1480 mm und Glas von Ug=0,5 W\/(m2*K). Die dargestellten Parameter sind in Bezug auf die Erreichung f\u00fcr das Standardfenster von Fasada bestm\u00f6glich. Nicht alle beste Parameter lassen sich im Rahmen des ausgew\u00e4hlten Produktes gleichzeitig erreichen. <\/div><\/div>\n<\/div><\/div>\n<div class=\"big_div_50 no_row_rewerse r_flex_end \" style='background-image: url(http:\/\/fasada.eu\/wp-content\/uploads\/2017\/10\/dodatki_973.jpg);'><div><div><div>\n<h2>W\u00c4HLEN SIE IHR ZUBEH\u00d6R AUS<\/h2>\n<p>Eine breite Palette an Zubeh\u00f6rteilen in unserem Angebot ist eine Chance f\u00fcr eine bessere Funktionalit\u00e4t aller Produkte. \u00dcberpr\u00fcfen Sie, was wir Ihnen anbieten k\u00f6nnen.<br \/>\n<\/div><\/div><div><div>\n<a class=\"button blue\" href=\"http:\/\/fasada.eu\/produkty\/dodatki\/\">Gehe zu den Add-ons<\/a><br \/>\n<\/div><\/div><\/div><\/div>\n<div class=\"content_wrapper_shortcode animate_div \"><div>\n<h2 class=\"big\" style=\"text-align: center;\">REICHE FARBENWELT<\/h2>\n<h2>Farbpalette<\/h2>\n<div id=\"gallery-custom_grid-1\" class=\"gallery-custom-inline minimal galleryid-1959\"><div class=\"gallery-row\"><div class=\"gallery-thumbnail size-gallery_box_inline\"><a href=\"https:\/\/fasada.eu\/wp-content\/uploads\/2021\/08\/sosna_acajou_497_648.jpg\" target=\"_blank\" data-gallery=\"gallery-custom_grid-1\" title=\"Kiefer Acajou\"><img src=\"https:\/\/fasada.eu\/wp-content\/uploads\/2021\/08\/sosna_acajou_497_648-120x120.jpg\" alt=\"sosna_acajou_497\" \/><\/a><\/div><div class=\"gal_desc\">Kiefer Acajou<\/div><\/div><div class=\"gallery-row\"><div class=\"gallery-thumbnail size-gallery_box_inline\"><a href=\"https:\/\/fasada.eu\/wp-content\/uploads\/2021\/08\/sosna_afromozja_913_860.jpg\" target=\"_blank\" data-gallery=\"gallery-custom_grid-1\" title=\"Kiefer Afromozja\"><img src=\"https:\/\/fasada.eu\/wp-content\/uploads\/2021\/08\/sosna_afromozja_913_860-120x120.jpg\" alt=\"sosna_afromozja_913\" \/><\/a><\/div><div class=\"gal_desc\">Kiefer Afromozja<\/div><\/div><div class=\"gallery-row\"><div class=\"gallery-thumbnail size-gallery_box_inline\"><a href=\"https:\/\/fasada.eu\/wp-content\/uploads\/2021\/08\/sosna_calvados_823_924.jpg\" target=\"_blank\" data-gallery=\"gallery-custom_grid-1\" title=\"Kiefer Calvados\"><img src=\"https:\/\/fasada.eu\/wp-content\/uploads\/2021\/08\/sosna_calvados_823_924-120x120.jpg\" alt=\"sosna_calvados_823\" \/><\/a><\/div><div class=\"gal_desc\">Kiefer Calvados<\/div><\/div><div class=\"gallery-row\"><div class=\"gallery-thumbnail size-gallery_box_inline\"><a href=\"https:\/\/fasada.eu\/wp-content\/uploads\/2021\/08\/sosna_cyprys_743_450.jpg\" target=\"_blank\" data-gallery=\"gallery-custom_grid-1\" title=\"Kiefer Zypresse\"><img src=\"https:\/\/fasada.eu\/wp-content\/uploads\/2021\/08\/sosna_cyprys_743_450-120x120.jpg\" alt=\"sosna_cyprys_743\" \/><\/a><\/div><div class=\"gal_desc\">Kiefer Zypresse<\/div><\/div><div class=\"gallery-row\"><div class=\"gallery-thumbnail size-gallery_box_inline\"><a href=\"https:\/\/fasada.eu\/wp-content\/uploads\/2021\/08\/sosna_dab_930_776.jpg\" target=\"_blank\" data-gallery=\"gallery-custom_grid-1\" title=\"Kiefer Eiche\"><img src=\"https:\/\/fasada.eu\/wp-content\/uploads\/2021\/08\/sosna_dab_930_776-120x120.jpg\" alt=\"sosna_dab_930\" \/><\/a><\/div><div class=\"gal_desc\">Kiefer Eiche<\/div><\/div><div class=\"gallery-row\"><div class=\"gallery-thumbnail size-gallery_box_inline\"><a href=\"https:\/\/fasada.eu\/wp-content\/uploads\/2021\/08\/sosna_framire_776_969.jpg\" target=\"_blank\" data-gallery=\"gallery-custom_grid-1\" title=\"Kiefer Framire\"><img src=\"https:\/\/fasada.eu\/wp-content\/uploads\/2021\/08\/sosna_framire_776_969-120x120.jpg\" alt=\"sosna_framire_776\" \/><\/a><\/div><div class=\"gal_desc\">Kiefer Framire<\/div><\/div><div class=\"gallery-row\"><div class=\"gallery-thumbnail size-gallery_box_inline\"><a href=\"https:\/\/fasada.eu\/wp-content\/uploads\/2021\/08\/sosna_iroko_774_881.jpg\" target=\"_blank\" data-gallery=\"gallery-custom_grid-1\" title=\"Kiefer Iroko\"><img src=\"https:\/\/fasada.eu\/wp-content\/uploads\/2021\/08\/sosna_iroko_774_881-120x120.jpg\" alt=\"sosna_iroko_774\" \/><\/a><\/div><div class=\"gal_desc\">Kiefer Iroko<\/div><\/div><div class=\"gallery-row\"><div class=\"gallery-thumbnail size-gallery_box_inline\"><a href=\"https:\/\/fasada.eu\/wp-content\/uploads\/2021\/08\/sosna_kaszan_242_896.jpg\" target=\"_blank\" data-gallery=\"gallery-custom_grid-1\" title=\"Kiefer Kastanie\"><img src=\"https:\/\/fasada.eu\/wp-content\/uploads\/2021\/08\/sosna_kaszan_242_896-120x120.jpg\" alt=\"sosna_kaszan_242\" \/><\/a><\/div><div class=\"gal_desc\">Kiefer Kastanie<\/div><\/div><div class=\"gallery-row\"><div class=\"gallery-thumbnail size-gallery_box_inline\"><a href=\"https:\/\/fasada.eu\/wp-content\/uploads\/2021\/08\/sosna_kempas_568_454.jpg\" target=\"_blank\" data-gallery=\"gallery-custom_grid-1\" title=\"Kiefer Kempas\"><img src=\"https:\/\/fasada.eu\/wp-content\/uploads\/2021\/08\/sosna_kempas_568_454-120x120.jpg\" alt=\"sosna_kempas_568\" \/><\/a><\/div><div class=\"gal_desc\">Kiefer Kempas<\/div><\/div><div class=\"gallery-row\"><div class=\"gallery-thumbnail size-gallery_box_inline\"><a href=\"https:\/\/fasada.eu\/wp-content\/uploads\/2021\/08\/sosna_orzech_727_561.jpg\" target=\"_blank\" data-gallery=\"gallery-custom_grid-1\" title=\"Kiefer Wallnuss\"><img src=\"https:\/\/fasada.eu\/wp-content\/uploads\/2021\/08\/sosna_orzech_727_561-120x120.jpg\" alt=\"sosna_orzech_727\" \/><\/a><\/div><div class=\"gal_desc\">Kiefer Wallnuss<\/div><\/div><div class=\"gallery-row\"><div class=\"gallery-thumbnail size-gallery_box_inline\"><a href=\"https:\/\/fasada.eu\/wp-content\/uploads\/2021\/08\/sosna_pinia_930_580.jpg\" target=\"_blank\" data-gallery=\"gallery-custom_grid-1\" title=\"Kiefer Pinia\"><img src=\"https:\/\/fasada.eu\/wp-content\/uploads\/2021\/08\/sosna_pinia_930_580-120x120.jpg\" alt=\"sosna_pinia_930\" \/><\/a><\/div><div class=\"gal_desc\">Kiefer Pinia<\/div><\/div><div class=\"gallery-row\"><div class=\"gallery-thumbnail size-gallery_box_inline\"><a href=\"https:\/\/fasada.eu\/wp-content\/uploads\/2021\/08\/sosna_sapelli_161_627.jpg\" target=\"_blank\" data-gallery=\"gallery-custom_grid-1\" title=\"Kiefer Sapelli\"><img src=\"https:\/\/fasada.eu\/wp-content\/uploads\/2021\/08\/sosna_sapelli_161_627-120x120.jpg\" alt=\"sosna_sapelli_161\" \/><\/a><\/div><div class=\"gal_desc\">Kiefer Sapelli<\/div><\/div><div class=\"gallery-row\"><div class=\"gallery-thumbnail size-gallery_box_inline\"><a href=\"https:\/\/fasada.eu\/wp-content\/uploads\/2021\/08\/sosna_sipo_409_842.jpg\" target=\"_blank\" data-gallery=\"gallery-custom_grid-1\" title=\"Kiefer Sipo\"><img src=\"https:\/\/fasada.eu\/wp-content\/uploads\/2021\/08\/sosna_sipo_409_842-120x120.jpg\" alt=\"sosna_sipo_409\" \/><\/a><\/div><div class=\"gal_desc\">Kiefer Sipo<\/div><\/div><div class=\"gallery-row\"><div class=\"gallery-thumbnail size-gallery_box_inline\"><a href=\"https:\/\/fasada.eu\/wp-content\/uploads\/2021\/08\/sosna_stara-sosna_576_103.jpg\" target=\"_blank\" data-gallery=\"gallery-custom_grid-1\" title=\"Kiefer Alte Kiefer\"><img src=\"https:\/\/fasada.eu\/wp-content\/uploads\/2021\/08\/sosna_stara-sosna_576_103-120x120.jpg\" alt=\"sosna_stara-sosna_576\" \/><\/a><\/div><div class=\"gal_desc\">Kiefer Alte Kiefer<\/div><\/div><div class=\"gallery-row\"><div class=\"gallery-thumbnail size-gallery_box_inline\"><a href=\"https:\/\/fasada.eu\/wp-content\/uploads\/2021\/08\/sosna_wenge_654_249.jpg\" target=\"_blank\" data-gallery=\"gallery-custom_grid-1\" title=\"Kiefer Wenge\"><img src=\"https:\/\/fasada.eu\/wp-content\/uploads\/2021\/08\/sosna_wenge_654_249-120x120.jpg\" alt=\"sosna_wenge_654\" \/><\/a><\/div><div class=\"gal_desc\">Kiefer Wenge<\/div><\/div><div class=\"gallery-row\"><div class=\"gallery-thumbnail size-gallery_box_inline\"><a href=\"https:\/\/fasada.eu\/wp-content\/uploads\/2021\/08\/sosna_wisnia_698_684.jpg\" target=\"_blank\" data-gallery=\"gallery-custom_grid-1\" title=\"Kiefer Kirschbaum\"><img src=\"https:\/\/fasada.eu\/wp-content\/uploads\/2021\/08\/sosna_wisnia_698_684-120x120.jpg\" alt=\"sosna_wisnia_698\" \/><\/a><\/div><div class=\"gal_desc\">Kiefer Kirschbaum<\/div><\/div><div class=\"more_gallery\"><div><a href=\"#\" class=\"button blue\">mehr anzeigen<\/a><\/div><\/div><\/div>\n<\/div><\/div>\n<section class=\"include_footer_type type_1\">\n    <h2 class=\"section_title\">Kontaktieren Sie uns<\/h2>\n    <div>\n        <div>\n            <div>\n                <img src=\"https:\/\/fasada.eu\/wp-content\/themes\/wi\/images\/sygnet.png\" style=\"width: 48px; height: 60px;\" alt=\"logo\">\n                <span>WARSZAWA<\/span>\n                Al. Krakowska 173,<br>\n\t\t\t\t<a href=\"tel:+4228685288\">tel.\/fax 22 868 52 88<\/a><br>\n\t\t\t\t<a href=\"mailto:warszawa@fasada.eu\">warszawa@fasada.eu<\/a>\n            <\/div>\n        <\/div>\n        <div>\n            <div>\n                <img src=\"https:\/\/fasada.eu\/wp-content\/themes\/wi\/images\/sygnet.png\" style=\"width: 48px; height: 60px;\" alt=\"logo\">\n                <span>BYDGOSZCZ<\/span>\n                ul. Kaszubska 17E,<br>\n\t\t\t\t<a href=\"tel:+48523224011\">tel.\/fax 52 322 40 11<\/a><br>\n                <a href=\"mailto:bydgoszcz@fasada.eu\">bydgoszcz@fasada.eu<\/a>\n            <\/div>\n        <\/div>\n        <div>\n            <div>\n                <img src=\"https:\/\/fasada.eu\/wp-content\/themes\/wi\/images\/sygnet.png\" style=\"width: 48px; height: 60px;\" alt=\"logo\">\n                <span>S\u0141UPSK<\/span>\n                ul. Ba\u0142tycka 10,<br>\n\t\t\t\t<a href=\"tel:+48598411001\">tel.\/fax 59 841 10 01<\/a><br>\n\t\t\t\t<!--<a href=\"tel:+48597273450\">tel. mob +48 597 273 450<\/a><br> -->\n\t\t\t\t<a href=\"mailto:fasada@fasada.eu\">fasada@fasada.eu<\/a>\n            <\/div>\n        <\/div>\n        <div class=\"flex_div\">\n            <div>\n                <div>\n                    <a class=\"button blue\" href=\"https:\/\/fasada.eu\/de\/kontakt\/\">senden Sie eine Anfrage<\/a>\n                <\/div>\n            <\/div>\n        <\/div>\n    <\/div>\n<\/section>\n","protected":false},"excerpt":{"rendered":"","protected":false},"author":1,"featured_media":89,"parent":1874,"menu_order":20,"comment_status":"closed","ping_status":"closed","template":"page_full.php","meta":{"inline_featured_image":false,"footnotes":""},"yoast_head":"<!-- This site is optimized with the Yoast SEO plugin v21.3 - https:\/\/yoast.com\/wordpress\/plugins\/seo\/ -->\n<title>Holzfenster - Fasada<\/title>\n<meta name=\"robots\" content=\"index, follow, max-snippet:-1, max-image-preview:large, max-video-preview:-1\" \/>\n<link rel=\"canonical\" href=\"https:\/\/fasada.eu\/de\/produkte\/fenster\/holzfenster\/\" \/>\n<meta property=\"og:locale\" content=\"de_DE\" \/>\n<meta property=\"og:type\" content=\"article\" \/>\n<meta property=\"og:title\" content=\"Holzfenster - Fasada\" \/>\n<meta property=\"og:url\" content=\"https:\/\/fasada.eu\/de\/produkte\/fenster\/holzfenster\/\" \/>\n<meta property=\"og:site_name\" content=\"Fasada\" \/>\n<meta property=\"article:modified_time\" content=\"2021-08-27T12:34:58+00:00\" \/>\n<meta property=\"og:image\" content=\"https:\/\/fasada.eu\/wp-content\/uploads\/2017\/10\/okna_drewniane_978.png\" \/>\n\t<meta property=\"og:image:width\" content=\"380\" \/>\n\t<meta property=\"og:image:height\" content=\"380\" \/>\n\t<meta property=\"og:image:type\" content=\"image\/png\" \/>\n<meta name=\"twitter:card\" content=\"summary_large_image\" \/>\n<meta name=\"twitter:label1\" content=\"Gesch\u00e4tzte Lesezeit\" \/>\n\t<meta name=\"twitter:data1\" content=\"3\u00a0Minuten\" \/>\n<script type=\"application\/ld+json\" class=\"yoast-schema-graph\">{\"@context\":\"https:\/\/schema.org\",\"@graph\":[{\"@type\":\"WebPage\",\"@id\":\"https:\/\/fasada.eu\/de\/produkte\/fenster\/holzfenster\/\",\"url\":\"https:\/\/fasada.eu\/de\/produkte\/fenster\/holzfenster\/\",\"name\":\"Holzfenster - Fasada\",\"isPartOf\":{\"@id\":\"https:\/\/fasada.eu\/en\/#website\"},\"datePublished\":\"2017-12-05T13:17:15+00:00\",\"dateModified\":\"2021-08-27T12:34:58+00:00\",\"breadcrumb\":{\"@id\":\"https:\/\/fasada.eu\/de\/produkte\/fenster\/holzfenster\/#breadcrumb\"},\"inLanguage\":\"de\",\"potentialAction\":[{\"@type\":\"ReadAction\",\"target\":[\"https:\/\/fasada.eu\/de\/produkte\/fenster\/holzfenster\/\"]}]},{\"@type\":\"BreadcrumbList\",\"@id\":\"https:\/\/fasada.eu\/de\/produkte\/fenster\/holzfenster\/#breadcrumb\",\"itemListElement\":[{\"@type\":\"ListItem\",\"position\":1,\"name\":\"Home\",\"item\":\"https:\/\/fasada.eu\/de\/\"},{\"@type\":\"ListItem\",\"position\":2,\"name\":\"Produkte\",\"item\":\"https:\/\/fasada.eu\/de\/produkte\/\"},{\"@type\":\"ListItem\",\"position\":3,\"name\":\"Fenster\",\"item\":\"https:\/\/fasada.eu\/de\/produkte\/fenster\/\"},{\"@type\":\"ListItem\",\"position\":4,\"name\":\"Holzfenster\"}]},{\"@type\":\"WebSite\",\"@id\":\"https:\/\/fasada.eu\/en\/#website\",\"url\":\"https:\/\/fasada.eu\/en\/\",\"name\":\"Fasada\",\"description\":\"wizytowka Fasada Windows&amp;Doors\",\"potentialAction\":[{\"@type\":\"SearchAction\",\"target\":{\"@type\":\"EntryPoint\",\"urlTemplate\":\"https:\/\/fasada.eu\/en\/?s={search_term_string}\"},\"query-input\":\"required name=search_term_string\"}],\"inLanguage\":\"de\"}]}<\/script>\n<!-- \/ Yoast SEO plugin. -->","yoast_head_json":{"title":"Holzfenster - Fasada","robots":{"index":"index","follow":"follow","max-snippet":"max-snippet:-1","max-image-preview":"max-image-preview:large","max-video-preview":"max-video-preview:-1"},"canonical":"https:\/\/fasada.eu\/de\/produkte\/fenster\/holzfenster\/","og_locale":"de_DE","og_type":"article","og_title":"Holzfenster - Fasada","og_url":"https:\/\/fasada.eu\/de\/produkte\/fenster\/holzfenster\/","og_site_name":"Fasada","article_modified_time":"2021-08-27T12:34:58+00:00","og_image":[{"width":380,"height":380,"url":"https:\/\/fasada.eu\/wp-content\/uploads\/2017\/10\/okna_drewniane_978.png","type":"image\/png"}],"twitter_card":"summary_large_image","twitter_misc":{"Gesch\u00e4tzte Lesezeit":"3\u00a0Minuten"},"schema":{"@context":"https:\/\/schema.org","@graph":[{"@type":"WebPage","@id":"https:\/\/fasada.eu\/de\/produkte\/fenster\/holzfenster\/","url":"https:\/\/fasada.eu\/de\/produkte\/fenster\/holzfenster\/","name":"Holzfenster - Fasada","isPartOf":{"@id":"https:\/\/fasada.eu\/en\/#website"},"datePublished":"2017-12-05T13:17:15+00:00","dateModified":"2021-08-27T12:34:58+00:00","breadcrumb":{"@id":"https:\/\/fasada.eu\/de\/produkte\/fenster\/holzfenster\/#breadcrumb"},"inLanguage":"de","potentialAction":[{"@type":"ReadAction","target":["https:\/\/fasada.eu\/de\/produkte\/fenster\/holzfenster\/"]}]},{"@type":"BreadcrumbList","@id":"https:\/\/fasada.eu\/de\/produkte\/fenster\/holzfenster\/#breadcrumb","itemListElement":[{"@type":"ListItem","position":1,"name":"Home","item":"https:\/\/fasada.eu\/de\/"},{"@type":"ListItem","position":2,"name":"Produkte","item":"https:\/\/fasada.eu\/de\/produkte\/"},{"@type":"ListItem","position":3,"name":"Fenster","item":"https:\/\/fasada.eu\/de\/produkte\/fenster\/"},{"@type":"ListItem","position":4,"name":"Holzfenster"}]},{"@type":"WebSite","@id":"https:\/\/fasada.eu\/en\/#website","url":"https:\/\/fasada.eu\/en\/","name":"Fasada","description":"wizytowka Fasada Windows&amp;Doors","potentialAction":[{"@type":"SearchAction","target":{"@type":"EntryPoint","urlTemplate":"https:\/\/fasada.eu\/en\/?s={search_term_string}"},"query-input":"required name=search_term_string"}],"inLanguage":"de"}]}},"_links":{"self":[{"href":"https:\/\/fasada.eu\/de\/wp-json\/wp\/v2\/pages\/1959"}],"collection":[{"href":"https:\/\/fasada.eu\/de\/wp-json\/wp\/v2\/pages"}],"about":[{"href":"https:\/\/fasada.eu\/de\/wp-json\/wp\/v2\/types\/page"}],"author":[{"embeddable":true,"href":"https:\/\/fasada.eu\/de\/wp-json\/wp\/v2\/users\/1"}],"replies":[{"embeddable":true,"href":"https:\/\/fasada.eu\/de\/wp-json\/wp\/v2\/comments?post=1959"}],"version-history":[{"count":7,"href":"https:\/\/fasada.eu\/de\/wp-json\/wp\/v2\/pages\/1959\/revisions"}],"predecessor-version":[{"id":3145,"href":"https:\/\/fasada.eu\/de\/wp-json\/wp\/v2\/pages\/1959\/revisions\/3145"}],"up":[{"embeddable":true,"href":"https:\/\/fasada.eu\/de\/wp-json\/wp\/v2\/pages\/1874"}],"wp:featuredmedia":[{"embeddable":true,"href":"https:\/\/fasada.eu\/de\/wp-json\/wp\/v2\/media\/89"}],"wp:attachment":[{"href":"https:\/\/fasada.eu\/de\/wp-json\/wp\/v2\/media?parent=1959"}],"curies":[{"name":"wp","href":"https:\/\/api.w.org\/{rel}","templated":true}]}}