{"id":1888,"date":"2017-12-05T11:16:41","date_gmt":"2017-12-05T10:16:41","guid":{"rendered":"http:\/\/fasada.eu\/?page_id=1888"},"modified":"2024-07-05T12:33:32","modified_gmt":"2024-07-05T10:33:32","slug":"hebe-schiebe-tueren-hst","status":"publish","type":"page","link":"https:\/\/fasada.eu\/de\/produkte\/terrassentueren\/hebe-schiebe-tueren-hst\/","title":{"rendered":"Hebe-Schiebe-T\u00fcren (HST)"},"content":{"rendered":"<div class='big_image_wrapper ' style='background-image: url(http:\/\/fasada.eu\/wp-content\/uploads\/2017\/11\/top_systemy-tarasowe-hst_182.jpg);'><div><div class='title'>Garantie f\u00fcr Komfort<br \/>\nund Eleganz<\/div><div class='content'>Die Hebe-Schiebe-T\u00fcren runden dank ihrer schlichten Form und \u00e4sthetischen Konstruktion jedes Geb\u00e4ude vollkommen ab.<\/div><\/div><\/div>\n<div class=\"content_wrapper_shortcode animate_div type2\"><div>\n<div class=\"p50_shortcode \" style=\"max-width:100%;\"><div><div>\n<h2>Qualit\u00e4t, die keine Zweifel weckt<\/h2>\n<p>Im Gegensatz zu herk\u00f6mmlichen Balkont\u00fcren gleitet der Fl\u00fcgel der HST-T\u00fcren parallel zur Glasfl\u00e4che. Solch eine L\u00f6sung nimmt den Platz des Nutzungsraums nicht weg, ganz im Gegenteil- sie vergr\u00f6\u00dfert ihn optisch. Die gro\u00dfe Verglasung bringt maximale Lichtmengen ins Rauminnere, wodurch eine Anpassung an die neuesten architektonischen Trends erm\u00f6glicht wird.<br \/>\n<\/div><\/div><div><div>\n<h2>Warum<br \/>\nes sich lohnt?<\/h2>\n<p>Unsere T\u00fcren verbinden einzigartige Eigenschaften in sich. Dazu geh\u00f6ren:<\/p>\n<ul>\n<li>St\u00fctzfunktion des T\u00fcrdr\u00fcckers, die f\u00fcr ein leichtes \u00d6ffnen sogar der gr\u00f6\u00dften Fl\u00fcgel sorgt,<\/li>\n<li>tiefe Schwelle, auch in der barrierefreien Variante erh\u00e4ltlich (H\u00f6he 5 mm), gem\u00e4\u00df DIN 18040-Norm,<\/li>\n<li>eckige Variante ohne Pfosten (L\u00f6sung im System Aluprof MB\/<a href=\"https:\/\/aluprof.com\/de\/produkt\/mb-77hs#visualisierung\">77HS<\/a>\/<a href=\"https:\/\/aluprof.com\/de\/produkt\/mb-82hs#visualisierung\">82HS<\/a> erh\u00e4ltlich),<\/li>\n<li>regulierbarer Mechanismus, der die Anpassung der Platzierungsh\u00f6he des Fl\u00fcgels erm\u00f6glicht,<\/li>\n<li>Sto\u03b2d\u00e4mpfer SOFT CLOSE gew\u00e4hrleistet ein sicheres Schlie\u00dfen und \u00d6ffnen von T\u00fcren,*<\/li>\n<li>\u00c4sthetischer, aus mehreren Punkten bestehender Hakenschloss, der die h\u00f6chsten Sicherheitskriterien erf\u00fcllt,*<\/li>\n<li>Fernbedienung, f\u00fcr einen besseren Nutzungskomfort von T\u00fcren.<\/li>\n<\/ul>\n<p>*gilt f\u00fcr ausgew\u00e4hlte Modelle<br \/>\n<\/div><\/div><\/div>\n<\/div><\/div>\n<div class=\"content_wrapper_shortcode animate_div \"><div>\n<h2 class=\"big\" style=\"text-align: center;\">Beispiele<\/h2>\n<h2><\/h2>\n<div id=\"gallery-custom_grid-1\" class=\"gallery-custom-inline-25 galleryid-1888\"><div class=\"gallery-row\"><div class=\"gallery-thumbnail size-gallery_box_25\"><a href=\"https:\/\/fasada.eu\/wp-content\/uploads\/2017\/10\/hst-przyklad-01_909.jpg\" target=\"_blank\" data-gallery=\"gallery-custom_grid-1\" title=\"\"><img src=\"https:\/\/fasada.eu\/wp-content\/uploads\/2017\/10\/hst-przyklad-01_909-320x320.jpg\" alt=\"hst-przyklad-01\" \/><\/a><\/div><\/div><div class=\"gallery-row\"><div class=\"gallery-thumbnail size-gallery_box_25\"><a href=\"https:\/\/fasada.eu\/wp-content\/uploads\/2017\/10\/hst-przyklad-02_760.jpg\" target=\"_blank\" data-gallery=\"gallery-custom_grid-1\" title=\"\"><img src=\"https:\/\/fasada.eu\/wp-content\/uploads\/2017\/10\/hst-przyklad-02_760-320x320.jpg\" alt=\"hst-przyklad-02\" \/><\/a><\/div><\/div><div class=\"gallery-row\"><div class=\"gallery-thumbnail size-gallery_box_25\"><a href=\"https:\/\/fasada.eu\/wp-content\/uploads\/2017\/10\/hst-przyklad-03_633.jpg\" target=\"_blank\" data-gallery=\"gallery-custom_grid-1\" title=\"\"><img src=\"https:\/\/fasada.eu\/wp-content\/uploads\/2017\/10\/hst-przyklad-03_633-320x320.jpg\" alt=\"hst-przyklad-03\" \/><\/a><\/div><\/div><div class=\"gallery-row\"><div class=\"gallery-thumbnail size-gallery_box_25\"><a href=\"https:\/\/fasada.eu\/wp-content\/uploads\/2017\/10\/hst-przyklad-04_455.jpg\" target=\"_blank\" data-gallery=\"gallery-custom_grid-1\" title=\"\"><img src=\"https:\/\/fasada.eu\/wp-content\/uploads\/2017\/10\/hst-przyklad-04_455-320x320.jpg\" alt=\"hst-przyklad-04\" \/><\/a><\/div><\/div><div class=\"gallery-row\"><div class=\"gallery-thumbnail size-gallery_box_25\"><a href=\"https:\/\/fasada.eu\/wp-content\/uploads\/2017\/10\/hst-przyklad-05_155.jpg\" target=\"_blank\" data-gallery=\"gallery-custom_grid-1\" title=\"\"><img src=\"https:\/\/fasada.eu\/wp-content\/uploads\/2017\/10\/hst-przyklad-05_155-320x320.jpg\" alt=\"hst-przyklad-05\" \/><\/a><\/div><\/div><div class=\"gallery-row\"><div class=\"gallery-thumbnail size-gallery_box_25\"><a href=\"https:\/\/fasada.eu\/wp-content\/uploads\/2017\/10\/hst-przyklad-06_774.jpg\" target=\"_blank\" data-gallery=\"gallery-custom_grid-1\" title=\"\"><img src=\"https:\/\/fasada.eu\/wp-content\/uploads\/2017\/10\/hst-przyklad-06_774-320x320.jpg\" alt=\"hst-przyklad-06\" \/><\/a><\/div><\/div><div class=\"gallery-row\"><div class=\"gallery-thumbnail size-gallery_box_25\"><a href=\"https:\/\/fasada.eu\/wp-content\/uploads\/2017\/10\/hst-przyklad-07_281.jpg\" target=\"_blank\" data-gallery=\"gallery-custom_grid-1\" title=\"\"><img src=\"https:\/\/fasada.eu\/wp-content\/uploads\/2017\/10\/hst-przyklad-07_281-320x320.jpg\" alt=\"hst-przyklad-07\" \/><\/a><\/div><\/div><div class=\"gallery-row\"><div class=\"gallery-thumbnail size-gallery_box_25\"><a href=\"https:\/\/fasada.eu\/wp-content\/uploads\/2017\/10\/hst-przyklad-08_521.jpg\" target=\"_blank\" data-gallery=\"gallery-custom_grid-1\" title=\"\"><img src=\"https:\/\/fasada.eu\/wp-content\/uploads\/2017\/10\/hst-przyklad-08_521-320x320.jpg\" alt=\"hst-przyklad-08\" \/><\/a><\/div><\/div><div class=\"gallery-row\"><div class=\"gallery-thumbnail size-gallery_box_25\"><a href=\"https:\/\/fasada.eu\/wp-content\/uploads\/2017\/10\/hst-przyklad-09_949.jpg\" target=\"_blank\" data-gallery=\"gallery-custom_grid-1\" title=\"\"><img src=\"https:\/\/fasada.eu\/wp-content\/uploads\/2017\/10\/hst-przyklad-09_949-320x320.jpg\" alt=\"hst-przyklad-09\" \/><\/a><\/div><\/div><div class=\"gallery-row\"><div class=\"gallery-thumbnail size-gallery_box_25\"><a href=\"https:\/\/fasada.eu\/wp-content\/uploads\/2017\/10\/hst-przyklad-10_367.jpg\" target=\"_blank\" data-gallery=\"gallery-custom_grid-1\" title=\"\"><img src=\"https:\/\/fasada.eu\/wp-content\/uploads\/2017\/10\/hst-przyklad-10_367-320x320.jpg\" alt=\"hst-przyklad-10\" \/><\/a><\/div><\/div><\/div>\n<\/div><\/div>\n<div class=\"big_div_50 no_row_rewerse r_center \" style='background-image: url(http:\/\/fasada.eu\/wp-content\/uploads\/2017\/10\/dodatki_973.jpg);'><div><div><div>\n<h2>W\u00c4HLEN SIE IHR ZUBEH\u00d6R AUS<\/h2>\n<p>Eine breite Palette von Zubeh\u00f6rteilen in unserem Angebot ist eine Chance f\u00fcr eine bessere Funktionalit\u00e4t aller Produkte. \u00dcberpr\u00fcfen Sie unser Angebot.<br \/>\n<\/div><\/div><div><div>\n<a class=\"button blue\" href=\"http:\/\/fasada.eu\/de\/produkte\/zubehoer\/\">Gehe zum Zubeh\u00f6r<\/a><br \/>\n<\/div><\/div><\/div><\/div>\n<section class=\"include_footer_type type_1\">\n    <h2 class=\"section_title\">Kontaktieren Sie uns<\/h2>\n    <div>\n        <div>\n            <div>\n                <img src=\"https:\/\/fasada.eu\/wp-content\/themes\/wi\/images\/sygnet.png\" style=\"width: 48px; height: 60px;\" alt=\"logo\">\n                <span>WARSZAWA<\/span>\n                Al. Krakowska 173,<br>\n\t\t\t\t<a href=\"tel:+4228685288\">tel.\/fax 22 868 52 88<\/a><br>\n\t\t\t\t<a href=\"mailto:warszawa@fasada.eu\">warszawa@fasada.eu<\/a>\n            <\/div>\n        <\/div>\n        <div>\n            <div>\n                <img src=\"https:\/\/fasada.eu\/wp-content\/themes\/wi\/images\/sygnet.png\" style=\"width: 48px; height: 60px;\" alt=\"logo\">\n                <span>BYDGOSZCZ<\/span>\n                ul. Kaszubska 17E,<br>\n\t\t\t\t<a href=\"tel:+48523224011\">tel.\/fax 52 322 40 11<\/a><br>\n                <a href=\"mailto:bydgoszcz@fasada.eu\">bydgoszcz@fasada.eu<\/a>\n            <\/div>\n        <\/div>\n        <div>\n            <div>\n                <img src=\"https:\/\/fasada.eu\/wp-content\/themes\/wi\/images\/sygnet.png\" style=\"width: 48px; height: 60px;\" alt=\"logo\">\n                <span>S\u0141UPSK<\/span>\n                ul. Ba\u0142tycka 10,<br>\n\t\t\t\t<a href=\"tel:+48598411001\">tel.\/fax 59 841 10 01<\/a><br>\n\t\t\t\t<!--<a href=\"tel:+48597273450\">tel. mob +48 597 273 450<\/a><br> -->\n\t\t\t\t<a href=\"mailto:fasada@fasada.eu\">fasada@fasada.eu<\/a>\n            <\/div>\n        <\/div>\n        <div class=\"flex_div\">\n            <div>\n                <div>\n                    <a class=\"button blue\" href=\"https:\/\/fasada.eu\/de\/kontakt\/\">senden Sie eine Anfrage<\/a>\n                <\/div>\n            <\/div>\n        <\/div>\n    <\/div>\n<\/section>\n","protected":false},"excerpt":{"rendered":"","protected":false},"author":1,"featured_media":933,"parent":1886,"menu_order":0,"comment_status":"closed","ping_status":"closed","template":"page_full.php","meta":{"inline_featured_image":false,"footnotes":""},"yoast_head":"<!-- This site is optimized with the Yoast SEO plugin v21.3 - https:\/\/yoast.com\/wordpress\/plugins\/seo\/ -->\n<title>Hebe-Schiebe-T\u00fcren (HST) - Fasada<\/title>\n<meta name=\"robots\" content=\"index, follow, max-snippet:-1, max-image-preview:large, max-video-preview:-1\" \/>\n<link rel=\"canonical\" href=\"https:\/\/fasada.eu\/de\/produkte\/terrassentueren\/hebe-schiebe-tueren-hst\/\" \/>\n<meta property=\"og:locale\" content=\"de_DE\" \/>\n<meta property=\"og:type\" content=\"article\" \/>\n<meta property=\"og:title\" content=\"Hebe-Schiebe-T\u00fcren (HST) - Fasada\" \/>\n<meta property=\"og:url\" content=\"https:\/\/fasada.eu\/de\/produkte\/terrassentueren\/hebe-schiebe-tueren-hst\/\" \/>\n<meta property=\"og:site_name\" content=\"Fasada\" \/>\n<meta property=\"article:modified_time\" content=\"2024-07-05T10:33:32+00:00\" \/>\n<meta property=\"og:image\" content=\"https:\/\/fasada.eu\/wp-content\/uploads\/2017\/10\/hst-ikona_361.jpg\" \/>\n\t<meta property=\"og:image:width\" content=\"600\" \/>\n\t<meta property=\"og:image:height\" content=\"600\" \/>\n\t<meta property=\"og:image:type\" content=\"image\/jpeg\" \/>\n<meta name=\"twitter:card\" content=\"summary_large_image\" \/>\n<meta name=\"twitter:label1\" content=\"Gesch\u00e4tzte Lesezeit\" \/>\n\t<meta name=\"twitter:data1\" content=\"2\u00a0Minuten\" \/>\n<script type=\"application\/ld+json\" class=\"yoast-schema-graph\">{\"@context\":\"https:\/\/schema.org\",\"@graph\":[{\"@type\":\"WebPage\",\"@id\":\"https:\/\/fasada.eu\/de\/produkte\/terrassentueren\/hebe-schiebe-tueren-hst\/\",\"url\":\"https:\/\/fasada.eu\/de\/produkte\/terrassentueren\/hebe-schiebe-tueren-hst\/\",\"name\":\"Hebe-Schiebe-T\u00fcren (HST) - Fasada\",\"isPartOf\":{\"@id\":\"https:\/\/fasada.eu\/en\/#website\"},\"datePublished\":\"2017-12-05T10:16:41+00:00\",\"dateModified\":\"2024-07-05T10:33:32+00:00\",\"breadcrumb\":{\"@id\":\"https:\/\/fasada.eu\/de\/produkte\/terrassentueren\/hebe-schiebe-tueren-hst\/#breadcrumb\"},\"inLanguage\":\"de\",\"potentialAction\":[{\"@type\":\"ReadAction\",\"target\":[\"https:\/\/fasada.eu\/de\/produkte\/terrassentueren\/hebe-schiebe-tueren-hst\/\"]}]},{\"@type\":\"BreadcrumbList\",\"@id\":\"https:\/\/fasada.eu\/de\/produkte\/terrassentueren\/hebe-schiebe-tueren-hst\/#breadcrumb\",\"itemListElement\":[{\"@type\":\"ListItem\",\"position\":1,\"name\":\"Home\",\"item\":\"https:\/\/fasada.eu\/de\/\"},{\"@type\":\"ListItem\",\"position\":2,\"name\":\"Produkte\",\"item\":\"https:\/\/fasada.eu\/de\/produkte\/\"},{\"@type\":\"ListItem\",\"position\":3,\"name\":\"TERRASSENT\u00dcREN\",\"item\":\"https:\/\/fasada.eu\/de\/produkte\/terrassentueren\/\"},{\"@type\":\"ListItem\",\"position\":4,\"name\":\"Hebe-Schiebe-T\u00fcren (HST)\"}]},{\"@type\":\"WebSite\",\"@id\":\"https:\/\/fasada.eu\/en\/#website\",\"url\":\"https:\/\/fasada.eu\/en\/\",\"name\":\"Fasada\",\"description\":\"wizytowka Fasada Windows&amp;Doors\",\"potentialAction\":[{\"@type\":\"SearchAction\",\"target\":{\"@type\":\"EntryPoint\",\"urlTemplate\":\"https:\/\/fasada.eu\/en\/?s={search_term_string}\"},\"query-input\":\"required name=search_term_string\"}],\"inLanguage\":\"de\"}]}<\/script>\n<!-- \/ Yoast SEO plugin. -->","yoast_head_json":{"title":"Hebe-Schiebe-T\u00fcren (HST) - Fasada","robots":{"index":"index","follow":"follow","max-snippet":"max-snippet:-1","max-image-preview":"max-image-preview:large","max-video-preview":"max-video-preview:-1"},"canonical":"https:\/\/fasada.eu\/de\/produkte\/terrassentueren\/hebe-schiebe-tueren-hst\/","og_locale":"de_DE","og_type":"article","og_title":"Hebe-Schiebe-T\u00fcren (HST) - Fasada","og_url":"https:\/\/fasada.eu\/de\/produkte\/terrassentueren\/hebe-schiebe-tueren-hst\/","og_site_name":"Fasada","article_modified_time":"2024-07-05T10:33:32+00:00","og_image":[{"width":600,"height":600,"url":"https:\/\/fasada.eu\/wp-content\/uploads\/2017\/10\/hst-ikona_361.jpg","type":"image\/jpeg"}],"twitter_card":"summary_large_image","twitter_misc":{"Gesch\u00e4tzte Lesezeit":"2\u00a0Minuten"},"schema":{"@context":"https:\/\/schema.org","@graph":[{"@type":"WebPage","@id":"https:\/\/fasada.eu\/de\/produkte\/terrassentueren\/hebe-schiebe-tueren-hst\/","url":"https:\/\/fasada.eu\/de\/produkte\/terrassentueren\/hebe-schiebe-tueren-hst\/","name":"Hebe-Schiebe-T\u00fcren (HST) - Fasada","isPartOf":{"@id":"https:\/\/fasada.eu\/en\/#website"},"datePublished":"2017-12-05T10:16:41+00:00","dateModified":"2024-07-05T10:33:32+00:00","breadcrumb":{"@id":"https:\/\/fasada.eu\/de\/produkte\/terrassentueren\/hebe-schiebe-tueren-hst\/#breadcrumb"},"inLanguage":"de","potentialAction":[{"@type":"ReadAction","target":["https:\/\/fasada.eu\/de\/produkte\/terrassentueren\/hebe-schiebe-tueren-hst\/"]}]},{"@type":"BreadcrumbList","@id":"https:\/\/fasada.eu\/de\/produkte\/terrassentueren\/hebe-schiebe-tueren-hst\/#breadcrumb","itemListElement":[{"@type":"ListItem","position":1,"name":"Home","item":"https:\/\/fasada.eu\/de\/"},{"@type":"ListItem","position":2,"name":"Produkte","item":"https:\/\/fasada.eu\/de\/produkte\/"},{"@type":"ListItem","position":3,"name":"TERRASSENT\u00dcREN","item":"https:\/\/fasada.eu\/de\/produkte\/terrassentueren\/"},{"@type":"ListItem","position":4,"name":"Hebe-Schiebe-T\u00fcren (HST)"}]},{"@type":"WebSite","@id":"https:\/\/fasada.eu\/en\/#website","url":"https:\/\/fasada.eu\/en\/","name":"Fasada","description":"wizytowka Fasada Windows&amp;Doors","potentialAction":[{"@type":"SearchAction","target":{"@type":"EntryPoint","urlTemplate":"https:\/\/fasada.eu\/en\/?s={search_term_string}"},"query-input":"required name=search_term_string"}],"inLanguage":"de"}]}},"_links":{"self":[{"href":"https:\/\/fasada.eu\/de\/wp-json\/wp\/v2\/pages\/1888"}],"collection":[{"href":"https:\/\/fasada.eu\/de\/wp-json\/wp\/v2\/pages"}],"about":[{"href":"https:\/\/fasada.eu\/de\/wp-json\/wp\/v2\/types\/page"}],"author":[{"embeddable":true,"href":"https:\/\/fasada.eu\/de\/wp-json\/wp\/v2\/users\/1"}],"replies":[{"embeddable":true,"href":"https:\/\/fasada.eu\/de\/wp-json\/wp\/v2\/comments?post=1888"}],"version-history":[{"count":4,"href":"https:\/\/fasada.eu\/de\/wp-json\/wp\/v2\/pages\/1888\/revisions"}],"predecessor-version":[{"id":3987,"href":"https:\/\/fasada.eu\/de\/wp-json\/wp\/v2\/pages\/1888\/revisions\/3987"}],"up":[{"embeddable":true,"href":"https:\/\/fasada.eu\/de\/wp-json\/wp\/v2\/pages\/1886"}],"wp:featuredmedia":[{"embeddable":true,"href":"https:\/\/fasada.eu\/de\/wp-json\/wp\/v2\/media\/933"}],"wp:attachment":[{"href":"https:\/\/fasada.eu\/de\/wp-json\/wp\/v2\/media?parent=1888"}],"curies":[{"name":"wp","href":"https:\/\/api.w.org\/{rel}","templated":true}]}}